{"id":3475,"date":"2023-09-03T09:08:42","date_gmt":"2023-09-03T07:08:42","guid":{"rendered":"https:\/\/tena.yoga\/?post_type=product&#038;p=3475"},"modified":"2025-01-02T21:27:43","modified_gmt":"2025-01-02T20:27:43","slug":"yoga-for-the-back","status":"publish","type":"product","link":"https:\/\/tena.yoga\/en\/yoga-classes-package\/yoga-for-the-back\/","title":{"rendered":"Yoga for the back"},"content":{"rendered":"\n<div class=\"wp-block-columns is-layout-flex wp-container-core-columns-is-layout-28f84493 wp-block-columns-is-layout-flex\">\n<div class=\"wp-block-column is-layout-flow wp-block-column-is-layout-flow\" style=\"flex-basis:10%\"><\/div>\n\n\n\n<div class=\"wp-block-column is-layout-flow wp-block-column-is-layout-flow\" style=\"flex-basis:80%\">\n<p>The package includes a lecture with an introductory lesson + eight hours of yoga.<\/p>\n\n\n\n<p>We strengthen the muscles along the spine, move in 6 basic directions, rotate around this axis, breathe along the back and do exercises for scoliosis, kyphosis and lordosis and recovery after hernia. Of course, these problems require different exercises, but yoga has tools that help, by focusing on a certain way and moving with tenderness it works magic.<\/p>\n\n\n\n<p>The spine is our \u201celectric energy line\u201d because it is where the information of the nervous system travels, which is very energetic, so we consider it the central energy channel (called sushumna in yoga). When we specifically work on this channel, we directly affect the nervous system. This month we regulate our internal \u201ccurrent\u201d and relax in yoga nidra \u2013 yogic sleep, for deep peace and better sleep.<\/p>\n\n\n\n<p>Topics covered:<\/p>\n\n\n\n<ul class=\"wp-block-list\">\n<li>the spine as the axis of the present moment<\/li>\n\n\n\n<li>back muscle strength<\/li>\n\n\n\n<li>directions of movement of the spine<\/li>\n\n\n\n<li>yoga for back pain<\/li>\n\n\n\n<li>targeted back exercises<\/li>\n\n\n\n<li>breathing along the spine<\/li>\n\n\n\n<li>yoga for better sleep<\/li>\n\n\n\n<li>yoga nidra<\/li>\n<\/ul>\n\n\n\n<p>The recordings were made during regular guided online yoga classes. The classes were recorded via the Zoom application in a resolution of up to 720p (variations in video quality are possible).<\/p>\n\n\n\n<div style=\"height:45px\" aria-hidden=\"true\" class=\"wp-block-spacer\"><\/div>\n\n\n\n<figure class=\"wp-block-embed is-type-video is-provider-youtube wp-block-embed-youtube wp-embed-aspect-16-9 wp-has-aspect-ratio\"><div class=\"wp-block-embed__wrapper\">\n<iframe loading=\"lazy\" title=\"Yoga za kralje\u017enicu - predavanje @ Bi\u0161evo\" width=\"500\" height=\"281\" src=\"https:\/\/www.youtube.com\/embed\/kJO1JP4yTYI?feature=oembed\" frameborder=\"0\" allow=\"accelerometer; autoplay; clipboard-write; encrypted-media; gyroscope; picture-in-picture; web-share\" referrerpolicy=\"strict-origin-when-cross-origin\" allowfullscreen><\/iframe>\n<\/div><\/figure>\n<\/div>\n\n\n\n<div class=\"wp-block-column is-layout-flow wp-block-column-is-layout-flow\" style=\"flex-basis:10%\"><\/div>\n<\/div>\n\n\n\n<h3 class=\"wp-block-heading has-text-align-center\">Sadr\u017eaj paketa snimki<\/h3>\n\n\n\n<div style=\"height:50px\" aria-hidden=\"true\" class=\"wp-block-spacer\"><\/div>\n\n\n\n<div class=\"wp-block-columns is-layout-flex wp-container-core-columns-is-layout-28f84493 wp-block-columns-is-layout-flex\">\n<div class=\"wp-block-column is-layout-flow wp-block-column-is-layout-flow\" style=\"flex-basis:32%\">\n<figure class=\"wp-block-image size-large\"><a href=\"https:\/\/tena.yoga\/wp-content\/uploads\/2023\/06\/TEMA_mjeseca_lipanj.jpg\"><img decoding=\"async\" width=\"1024\" height=\"576\" src=\"https:\/\/tena.yoga\/wp-content\/uploads\/2023\/06\/TEMA_mjeseca_lipanj-1024x576.webp\" alt=\"\" class=\"wp-image-2847\" srcset=\"https:\/\/tena.yoga\/wp-content\/uploads\/2023\/06\/TEMA_mjeseca_lipanj-1024x576.webp 1024w, https:\/\/tena.yoga\/wp-content\/uploads\/2023\/06\/TEMA_mjeseca_lipanj-600x338.jpg 600w, https:\/\/tena.yoga\/wp-content\/uploads\/2023\/06\/TEMA_mjeseca_lipanj-1536x864.webp 1536w, https:\/\/tena.yoga\/wp-content\/uploads\/2023\/06\/TEMA_mjeseca_lipanj-2048x1152.webp 2048w, https:\/\/tena.yoga\/wp-content\/uploads\/2023\/06\/TEMA_mjeseca_lipanj.jpg 1920w\" sizes=\"(max-width: 1024px) 100vw, 1024px\" \/><\/a><\/figure>\n\n\n\n<div style=\"height:10px\" aria-hidden=\"true\" class=\"wp-block-spacer\"><\/div>\n\n\n\n<h4 class=\"wp-block-heading\">UVODNO PREDAVANJE I SAT YOGE NA TEMU<\/h4>\n\n\n\n<p>Dobro jutro moja kralje\u017enice! Pro\u0161li smo osnove anatomije kralje\u017enice tako da mo\u017eemo u\u0107i u nju svojom pa\u017enjom i razumjeti da su to mali zglobovi jedan na drugome te kako bi razumjeli smjerove kretanja koje \u0107emo prolaziti u toku mjeseca na online yogi. Taj va\u017ean kanal \u0161titi na\u0161 centralni \u017eiv\u010dani sustav, dr\u017ei nas uspravno i postavlja osovinu na\u0161eg somatskog <em>mindfulnessa<\/em> \u2013 osjetim da sam tu.<\/p>\n<\/div>\n\n\n\n<div class=\"wp-block-column is-layout-flow wp-block-column-is-layout-flow\" style=\"flex-basis:2%\"><\/div>\n\n\n\n<div class=\"wp-block-column is-layout-flow wp-block-column-is-layout-flow\" style=\"flex-basis:32%\">\n<figure class=\"wp-block-image size-large\"><a href=\"https:\/\/tena.yoga\/wp-content\/uploads\/2023\/06\/6_6_uspravno_bez_napora.jpg\"><img decoding=\"async\" width=\"1024\" height=\"576\" src=\"https:\/\/tena.yoga\/wp-content\/uploads\/2023\/06\/6_6_uspravno_bez_napora-1024x576.webp\" alt=\"\" class=\"wp-image-2849\" srcset=\"https:\/\/tena.yoga\/wp-content\/uploads\/2023\/06\/6_6_uspravno_bez_napora-1024x576.webp 1024w, https:\/\/tena.yoga\/wp-content\/uploads\/2023\/06\/6_6_uspravno_bez_napora-600x338.jpg 600w, https:\/\/tena.yoga\/wp-content\/uploads\/2023\/06\/6_6_uspravno_bez_napora-1536x864.webp 1536w, https:\/\/tena.yoga\/wp-content\/uploads\/2023\/06\/6_6_uspravno_bez_napora-2048x1152.webp 2048w, https:\/\/tena.yoga\/wp-content\/uploads\/2023\/06\/6_6_uspravno_bez_napora.jpg 1920w\" sizes=\"(max-width: 1024px) 100vw, 1024px\" \/><\/a><\/figure>\n\n\n\n<div style=\"height:10px\" aria-hidden=\"true\" class=\"wp-block-spacer\"><\/div>\n\n\n\n<h4 class=\"wp-block-heading\">1. USPRAVNO BEZ NAPORA<\/h4>\n\n\n\n<p>Kralje\u017enica je stup koji nas dr\u017ei uspravno energetski, tjelesno i mentalno. Yogom posti\u017eemo to uspravno, otvoreno dr\u017eanje jer ja\u010damo unutarnje mi\u0161i\u0107e koji je nose. No i vi\u0161e od toga da se dr\u017eimo uspravno, bivamo tako obez napora. To je va\u017eno jer su sada ta budnost i prisutnost u na\u0161em tijelu uvijek i na\u0161 na\u010din bivanja postaje <em>mindful<\/em> ali prirodno \u2013 bez napora. Pro\u0161li smo dah uzdu\u017e le\u0111a i smjerove kralje\u017enice&nbsp;u nekoliko asana.<\/p>\n<\/div>\n\n\n\n<div class=\"wp-block-column is-layout-flow wp-block-column-is-layout-flow\" style=\"flex-basis:2%\"><\/div>\n\n\n\n<div class=\"wp-block-column is-layout-flow wp-block-column-is-layout-flow\" style=\"flex-basis:32%\">\n<figure class=\"wp-block-image size-large\"><a href=\"https:\/\/tena.yoga\/wp-content\/uploads\/2023\/06\/9_6_integritet.jpg\"><img decoding=\"async\" width=\"1024\" height=\"576\" src=\"https:\/\/tena.yoga\/wp-content\/uploads\/2023\/06\/9_6_integritet-1024x576.webp\" alt=\"\" class=\"wp-image-2851\" srcset=\"https:\/\/tena.yoga\/wp-content\/uploads\/2023\/06\/9_6_integritet-1024x576.webp 1024w, https:\/\/tena.yoga\/wp-content\/uploads\/2023\/06\/9_6_integritet-600x338.jpg 600w, https:\/\/tena.yoga\/wp-content\/uploads\/2023\/06\/9_6_integritet-1536x864.webp 1536w, https:\/\/tena.yoga\/wp-content\/uploads\/2023\/06\/9_6_integritet-2048x1152.webp 2048w, https:\/\/tena.yoga\/wp-content\/uploads\/2023\/06\/9_6_integritet.jpg 1920w\" sizes=\"(max-width: 1024px) 100vw, 1024px\" \/><\/a><\/figure>\n\n\n\n<div style=\"height:10px\" aria-hidden=\"true\" class=\"wp-block-spacer\"><\/div>\n\n\n\n<h4 class=\"wp-block-heading\">2. INTEGRITET<\/h4>\n\n\n\n<p>Na\u0161 unutanji integritet, snaga tijela ali i moralna osovina.&nbsp;Krenuli smo iz le\u017ee\u0107eg polo\u017eaja, osvijestili du\u017einu kralje\u017enice i abdominalan dah. Prolazlili smo asane koje je ravnaju i oja\u010davaju kako preko trbu\u0161ne strane tako i preko le\u0111ne. Kroz sat smo mirno osjetili svoje tijelo i na kraju se vratili od kuda smo krenuli.&nbsp;Povezivali smo se sa stupom snage u nama i kontemplirali odlu\u010dnost da budemo zdravi \u0161iroki <em>mindfulness<\/em> za sva stanja koja nam do\u0111u.<\/p>\n<\/div>\n<\/div>\n\n\n\n<div style=\"height:30px\" aria-hidden=\"true\" class=\"wp-block-spacer\"><\/div>\n\n\n\n<div class=\"wp-block-columns is-layout-flex wp-container-core-columns-is-layout-28f84493 wp-block-columns-is-layout-flex\">\n<div class=\"wp-block-column is-layout-flow wp-block-column-is-layout-flow\" style=\"flex-basis:32%\">\n<figure class=\"wp-block-image size-large\"><a href=\"https:\/\/tena.yoga\/wp-content\/uploads\/2023\/06\/A_40min_razigranaleda.jpg\"><img decoding=\"async\" width=\"1024\" height=\"576\" src=\"https:\/\/tena.yoga\/wp-content\/uploads\/2023\/06\/A_40min_razigranaleda-1024x576.webp\" alt=\"\" class=\"wp-image-2854\" srcset=\"https:\/\/tena.yoga\/wp-content\/uploads\/2023\/06\/A_40min_razigranaleda-1024x576.webp 1024w, https:\/\/tena.yoga\/wp-content\/uploads\/2023\/06\/A_40min_razigranaleda-600x338.jpg 600w, https:\/\/tena.yoga\/wp-content\/uploads\/2023\/06\/A_40min_razigranaleda-1536x864.webp 1536w, https:\/\/tena.yoga\/wp-content\/uploads\/2023\/06\/A_40min_razigranaleda-2048x1152.webp 2048w, https:\/\/tena.yoga\/wp-content\/uploads\/2023\/06\/A_40min_razigranaleda.jpg 1920w\" sizes=\"(max-width: 1024px) 100vw, 1024px\" \/><\/a><\/figure>\n\n\n\n<div style=\"height:10px\" aria-hidden=\"true\" class=\"wp-block-spacer\"><\/div>\n\n\n\n<h4 class=\"wp-block-heading\">3. RAZIGRANA LE\u0110A<\/h4>\n\n\n\n<p>Suzili smo pa\u017enju prema sebi, krenuli iz osje\u0107aja \u2013 aha tu sam. Biram kuda \u0107u ulagati svoju energiju ali kre\u0107em od sebe ne raspr\u0161ujem pa\u017enju ve\u0107 se uvijek vratim doma \u2013 k sebi. Onda mogu pametno raspodjeliti i usredoto\u010diti energiju, od sebe se odnositi prema van i ulagati tamo gdje treba i gdje je korisno.&nbsp;Radili smo <em>twistove<\/em> s pulsacijama i malo inverzija tako da nam se kralje\u017enica rastereti \u2013 dekompresira i onda razigrano izmasira s <em>twistovima<\/em>.<\/p>\n<\/div>\n\n\n\n<div class=\"wp-block-column is-layout-flow wp-block-column-is-layout-flow\" style=\"flex-basis:2%\"><\/div>\n\n\n\n<div class=\"wp-block-column is-layout-flow wp-block-column-is-layout-flow\" style=\"flex-basis:32%\">\n<figure class=\"wp-block-image size-large\"><a href=\"https:\/\/tena.yoga\/wp-content\/uploads\/2023\/06\/16_6_gnijezdo_srce.jpg\"><img decoding=\"async\" width=\"1024\" height=\"576\" src=\"https:\/\/tena.yoga\/wp-content\/uploads\/2023\/06\/16_6_gnijezdo_srce-1024x576.webp\" alt=\"\" class=\"wp-image-2856\" srcset=\"https:\/\/tena.yoga\/wp-content\/uploads\/2023\/06\/16_6_gnijezdo_srce-1024x576.webp 1024w, https:\/\/tena.yoga\/wp-content\/uploads\/2023\/06\/16_6_gnijezdo_srce-600x338.jpg 600w, https:\/\/tena.yoga\/wp-content\/uploads\/2023\/06\/16_6_gnijezdo_srce-1536x864.webp 1536w, https:\/\/tena.yoga\/wp-content\/uploads\/2023\/06\/16_6_gnijezdo_srce-2048x1152.webp 2048w, https:\/\/tena.yoga\/wp-content\/uploads\/2023\/06\/16_6_gnijezdo_srce.jpg 1920w\" sizes=\"(max-width: 1024px) 100vw, 1024px\" \/><\/a><\/figure>\n\n\n\n<div style=\"height:10px\" aria-hidden=\"true\" class=\"wp-block-spacer\"><\/div>\n\n\n\n<h4 class=\"wp-block-heading\">4. GNIJEZDO ZA SRCE<\/h4>\n\n\n\n<p>Ako je kralje\u017enica na\u0161a os sada\u0161njeg trenutka onda je prsni ko\u0161 gnijezdo&nbsp;za srce \u2013 za na\u0161u to\u010dku najve\u0107e prisutnosti. Danas smo naglasili rad s gornjim dijelom le\u0111a, \u0161to uklju\u010duje ramena i vrat. Kroz sat&nbsp;pro\u0161li smo vi\u0161e smjerova rukama u kojima se jako dobro razgibavaju ramena i prostor sve do izme\u0111u lopatica (trapezius). Pro\u0161li smo i nekoliko asana koje ja\u010daju ramena i rade ono spajanje lopatica na le\u0111ima \u2013 ja\u010danje gornjih le\u0111nih mi\u0161i\u0107a.<\/p>\n<\/div>\n\n\n\n<div class=\"wp-block-column is-layout-flow wp-block-column-is-layout-flow\" style=\"flex-basis:2%\"><\/div>\n\n\n\n<div class=\"wp-block-column is-layout-flow wp-block-column-is-layout-flow\" style=\"flex-basis:32%\">\n<figure class=\"wp-block-image size-large\"><a href=\"https:\/\/tena.yoga\/wp-content\/uploads\/2023\/06\/20_6_sigurnaleda.jpg\"><img decoding=\"async\" width=\"1024\" height=\"576\" src=\"https:\/\/tena.yoga\/wp-content\/uploads\/2023\/06\/20_6_sigurnaleda-1024x576.webp\" alt=\"\" class=\"wp-image-2858\" srcset=\"https:\/\/tena.yoga\/wp-content\/uploads\/2023\/06\/20_6_sigurnaleda-1024x576.webp 1024w, https:\/\/tena.yoga\/wp-content\/uploads\/2023\/06\/20_6_sigurnaleda-600x338.jpg 600w, https:\/\/tena.yoga\/wp-content\/uploads\/2023\/06\/20_6_sigurnaleda-1536x864.webp 1536w, https:\/\/tena.yoga\/wp-content\/uploads\/2023\/06\/20_6_sigurnaleda-2048x1152.webp 2048w, https:\/\/tena.yoga\/wp-content\/uploads\/2023\/06\/20_6_sigurnaleda.jpg 1920w\" sizes=\"(max-width: 1024px) 100vw, 1024px\" \/><\/a><\/figure>\n\n\n\n<div style=\"height:10px\" aria-hidden=\"true\" class=\"wp-block-spacer\"><\/div>\n\n\n\n<h4 class=\"wp-block-heading\">5. U MENI JE SIGURNOST<\/h4>\n\n\n\n<p>Na\u0161a je kralje\u017enica osovina mira i stabilnosti. Danas smo uronili u taj aspekt svoje zapadne strane tijela (u yoga filozofiji prednja strana je isto\u010dna, a stra\u017enja je zapadna). Disali smo uzdu\u017e le\u0111a i peglali dahom koji dovodi prisutnost. Pro\u0161li smo nekoliko osnovnih asana i opet smjerove kralje\u017enice za razgibavanje i mobilnost. Sat je kao malo produ\u017eeno zagrijavanje s par trenutaka stabilnosti, sve ve\u0107 poznato i doma\u0107e.<\/p>\n<\/div>\n<\/div>\n\n\n\n<div style=\"height:30px\" aria-hidden=\"true\" class=\"wp-block-spacer\"><\/div>\n\n\n\n<div class=\"wp-block-columns is-layout-flex wp-container-core-columns-is-layout-28f84493 wp-block-columns-is-layout-flex\">\n<div class=\"wp-block-column is-layout-flow wp-block-column-is-layout-flow\" style=\"flex-basis:32%\">\n<figure class=\"wp-block-image size-large\"><a href=\"https:\/\/tena.yoga\/wp-content\/uploads\/2023\/06\/23_6_stabilizacija_trbuh.jpg\"><img decoding=\"async\" width=\"1024\" height=\"576\" src=\"https:\/\/tena.yoga\/wp-content\/uploads\/2023\/06\/23_6_stabilizacija_trbuh-1024x576.webp\" alt=\"\" class=\"wp-image-2866\" srcset=\"https:\/\/tena.yoga\/wp-content\/uploads\/2023\/06\/23_6_stabilizacija_trbuh-1024x576.webp 1024w, https:\/\/tena.yoga\/wp-content\/uploads\/2023\/06\/23_6_stabilizacija_trbuh-600x338.jpg 600w, https:\/\/tena.yoga\/wp-content\/uploads\/2023\/06\/23_6_stabilizacija_trbuh-1536x864.webp 1536w, https:\/\/tena.yoga\/wp-content\/uploads\/2023\/06\/23_6_stabilizacija_trbuh-2048x1152.webp 2048w, https:\/\/tena.yoga\/wp-content\/uploads\/2023\/06\/23_6_stabilizacija_trbuh.jpg 1920w\" sizes=\"(max-width: 1024px) 100vw, 1024px\" \/><\/a><\/figure>\n\n\n\n<div style=\"height:10px\" aria-hidden=\"true\" class=\"wp-block-spacer\"><\/div>\n\n\n\n<h4 class=\"wp-block-heading\">6. STABILIZACIJA<\/h4>\n\n\n\n<p>Trbu\u0161ni zid stabilizira le\u0111a ali naravno vje\u017ebe snage <em>corea<\/em> dobre su za sve u na\u0161em tijelu. Ako nakon sata osjetite muskulfiber u trbuhu zna\u010di da ste se potrudili jer naravno imamo izbor malo se pro\u0161vercati ali uputa je dosta precizna da aktiviramo trbu\u0161njake pogotovo s pokretom na izdah, vidjeti \u0107ete taj princip se provla\u010di kroz cijeli sat. Pro\u0161li smo vi\u0161e <em>plankova<\/em> i delfin <em>plankova<\/em>, par pulsacija ali s malim amplitudama koje ciljaju trbuh, par stabilnih asana i naravno trbu\u0161njake&nbsp;na podu, recept za sre\u0107u.<\/p>\n<\/div>\n\n\n\n<div class=\"wp-block-column is-layout-flow wp-block-column-is-layout-flow\" style=\"flex-basis:2%\"><\/div>\n\n\n\n<div class=\"wp-block-column is-layout-flow wp-block-column-is-layout-flow\" style=\"flex-basis:32%\">\n<figure class=\"wp-block-image size-large\"><a href=\"https:\/\/tena.yoga\/wp-content\/uploads\/2023\/06\/27_6_sjesti_baza.jpg\"><img decoding=\"async\" width=\"1024\" height=\"576\" src=\"https:\/\/tena.yoga\/wp-content\/uploads\/2023\/06\/27_6_sjesti_baza-1024x576.webp\" alt=\"\" class=\"wp-image-2864\" srcset=\"https:\/\/tena.yoga\/wp-content\/uploads\/2023\/06\/27_6_sjesti_baza-1024x576.webp 1024w, https:\/\/tena.yoga\/wp-content\/uploads\/2023\/06\/27_6_sjesti_baza-600x338.jpg 600w, https:\/\/tena.yoga\/wp-content\/uploads\/2023\/06\/27_6_sjesti_baza-1536x864.webp 1536w, https:\/\/tena.yoga\/wp-content\/uploads\/2023\/06\/27_6_sjesti_baza-2048x1152.webp 2048w, https:\/\/tena.yoga\/wp-content\/uploads\/2023\/06\/27_6_sjesti_baza.jpg 1920w\" sizes=\"(max-width: 1024px) 100vw, 1024px\" \/><\/a><\/figure>\n\n\n\n<div style=\"height:10px\" aria-hidden=\"true\" class=\"wp-block-spacer\"><\/div>\n\n\n\n<h4 class=\"wp-block-heading\">7. SJESTI U BAZU<\/h4>\n\n\n\n<p>Dana\u0161nja tema su nam kukovi \u2013 razgibali smo ih i \u201cotvorili\u201d zna\u010di poradili na vanjskoj rotaciji. To je na\u010din da omek\u0161amo tkiva koja spajaju noge i zdjelicu, mnogo toga zna biti u gr\u010du, napeto unutar kukova. Tako\u0111er razgibani kukovi omogu\u0107avaju kralje\u017enici da sjedne na dobro mjesto i da se mo\u017ee bez napora ispraviti iz baze. Kada radimo s otvaranjem kukova tra\u017eimo fini omjer u kojem nas kukovi pu\u0161taju unutra a da nema borbe i boli.<\/p>\n<\/div>\n\n\n\n<div class=\"wp-block-column is-layout-flow wp-block-column-is-layout-flow\" style=\"flex-basis:2%\"><\/div>\n\n\n\n<div class=\"wp-block-column is-layout-flow wp-block-column-is-layout-flow\" style=\"flex-basis:32%\">\n<figure class=\"wp-block-image size-large\"><a href=\"https:\/\/tena.yoga\/wp-content\/uploads\/2023\/06\/30_6_zdravi_oslonac.jpg\"><img decoding=\"async\" width=\"1024\" height=\"576\" src=\"https:\/\/tena.yoga\/wp-content\/uploads\/2023\/06\/30_6_zdravi_oslonac-1024x576.webp\" alt=\"\" class=\"wp-image-2868\" srcset=\"https:\/\/tena.yoga\/wp-content\/uploads\/2023\/06\/30_6_zdravi_oslonac-1024x576.webp 1024w, https:\/\/tena.yoga\/wp-content\/uploads\/2023\/06\/30_6_zdravi_oslonac-600x338.jpg 600w, https:\/\/tena.yoga\/wp-content\/uploads\/2023\/06\/30_6_zdravi_oslonac-1536x864.webp 1536w, https:\/\/tena.yoga\/wp-content\/uploads\/2023\/06\/30_6_zdravi_oslonac-2048x1152.webp 2048w, https:\/\/tena.yoga\/wp-content\/uploads\/2023\/06\/30_6_zdravi_oslonac.jpg 1920w\" sizes=\"(max-width: 1024px) 100vw, 1024px\" \/><\/a><\/figure>\n\n\n\n<div style=\"height:10px\" aria-hidden=\"true\" class=\"wp-block-spacer\"><\/div>\n\n\n\n<h4 class=\"wp-block-heading\">8. ZDRAVI OSLONAC<\/h4>\n\n\n\n<p>Dana\u0161nji sat prolazi principe koje smo kroz mjesec radili: dah uzdu\u017e le\u0111a, smjerove kralje\u017enice, stabilizaciju, mobilnost i dekompresiju, a na kraju smo odradili i set vje\u017ebi ba\u0161 za le\u0111ne mi\u0161i\u0107e. To su yoga asane koje se rade u fizioterapiji za mnoge probleme kralje\u017enice. Jasno je da nam je to te\u0161ko, saviti se prema iza s poda, ali je jako dobro tako da se nemojte obeshrabriti. U <em>shavasani<\/em> smo se opustili kao da tonemo u dlanove, toplih ruku pod zdjelicom, pod prsima i pod potiljkom.<\/p>\n<\/div>\n<\/div>\n\n\n\n<p>Neka imamo zdrava le\u0111a, mobilnu ali sna\u017enu kralje\u017enicu da bez napora stojimo uspravno i nosimo svoju prisutnost (svoj <em>mindfulness<\/em>) gdje god jesmo.<\/p>\n","protected":false},"excerpt":{"rendered":"<p>We strengthen the muscles along the spine, move in 6 basic directions, breathe deeply, and do targeted exercises for the back.<\/p>\n","protected":false},"featured_media":3282,"template":"","meta":{"_sitemap_exclude":false,"_sitemap_priority":"","_sitemap_frequency":""},"product_cat":[68,104,71,67,70],"product_tag":[73],"class_list":{"0":"post-3475","1":"product","2":"type-product","3":"status-publish","4":"has-post-thumbnail","6":"product_cat-mindfulness-en","7":"product_cat-online-yoga-en","8":"product_cat-yoga-for-strength","9":"product_cat-yoga-for-the-spine","10":"product_cat-yogic-breathing","11":"product_tag-2023-en","12":"pa_intenzitet-intermediate","14":"first","15":"instock","16":"downloadable","17":"virtual","18":"sold-individually","19":"purchasable","20":"product-type-simple"},"_links":{"self":[{"href":"https:\/\/tena.yoga\/en\/wp-json\/wp\/v2\/product\/3475","targetHints":{"allow":["GET"]}}],"collection":[{"href":"https:\/\/tena.yoga\/en\/wp-json\/wp\/v2\/product"}],"about":[{"href":"https:\/\/tena.yoga\/en\/wp-json\/wp\/v2\/types\/product"}],"wp:featuredmedia":[{"embeddable":true,"href":"https:\/\/tena.yoga\/en\/wp-json\/wp\/v2\/media\/3282"}],"wp:attachment":[{"href":"https:\/\/tena.yoga\/en\/wp-json\/wp\/v2\/media?parent=3475"}],"wp:term":[{"taxonomy":"product_cat","embeddable":true,"href":"https:\/\/tena.yoga\/en\/wp-json\/wp\/v2\/product_cat?post=3475"},{"taxonomy":"product_tag","embeddable":true,"href":"https:\/\/tena.yoga\/en\/wp-json\/wp\/v2\/product_tag?post=3475"}],"curies":[{"name":"wp","href":"https:\/\/api.w.org\/{rel}","templated":true}]}}