{"id":17087,"date":"2026-04-29T17:01:43","date_gmt":"2026-04-29T15:01:43","guid":{"rendered":"https:\/\/tena.yoga\/?post_type=product&#038;p=17087"},"modified":"2026-04-29T19:06:01","modified_gmt":"2026-04-29T17:06:01","slug":"rast-drveta","status":"publish","type":"product","link":"https:\/\/tena.yoga\/bs\/sati-yoge-paket\/rast-drveta\/","title":{"rendered":"Rast drveta"},"content":{"rendered":"\n<div style=\"height:10px\" aria-hidden=\"true\" class=\"wp-block-spacer\"><\/div>\n\n\n\n<div class=\"wp-block-columns is-layout-flex wp-container-core-columns-is-layout-28f84493 wp-block-columns-is-layout-flex\">\n<div class=\"wp-block-column is-layout-flow wp-block-column-is-layout-flow\" style=\"flex-basis:10%\"><\/div>\n\n\n\n<div class=\"wp-block-column is-layout-flow wp-block-column-is-layout-flow\" style=\"flex-basis:80%\"><div class=\"wp-block-image\">\n<figure class=\"aligncenter size-full is-resized\"><img decoding=\"async\" width=\"500\" height=\"500\" src=\"https:\/\/tena.yoga\/wp-content\/uploads\/2022\/12\/ikone_kraljeznica-01.png\" alt=\"yoga class program illustration\" class=\"wp-image-5167\" style=\"width:80px\" srcset=\"https:\/\/tena.yoga\/wp-content\/uploads\/2022\/12\/ikone_kraljeznica-01.png 500w, https:\/\/tena.yoga\/wp-content\/uploads\/2022\/12\/ikone_kraljeznica-01-300x300.png 300w, https:\/\/tena.yoga\/wp-content\/uploads\/2022\/12\/ikone_kraljeznica-01-100x100.png 100w, https:\/\/tena.yoga\/wp-content\/uploads\/2022\/12\/ikone_kraljeznica-01-150x150.png 150w\" sizes=\"(max-width: 500px) 100vw, 500px\" \/><\/figure>\n<\/div>\n\n\n<p class=\"has-text-align-center\" id=\"block-1fa05f98-54aa-4969-bfe1-b3c984cbe48c\">YOGA ZA LE\u0110A<\/p>\n\n\n\n<p>Kako u prirodi sve raste bez napora? Kako su u maloj sjemenki upisane sve informacije da ona mo\u017ee izrasti u veliko drvo. Kako biljka zna pretvoriti sunce, zrak i zemlju u \u017eivotu energiju? Zato jer su uvjeti ispravni i vitalnost jednostavno te\u010de. Yoga nudi metode koje se bave upravo kreiranjem uvjeta da kroz nas teku zdravlje i vitalnost. Glavni kanal za taj protok je na\u0161a kralje\u017enica, ona nas dr\u017ei uspravno, a periferija se opu\u0161ta. Osje\u0107aj kao da drvo raste preta\u010demo kroz pokrete i asane u svoje tijelo. Radimo razgibavanje, mobilnost, dekompresiju ali i osna\u017eivanje le\u0111a, kao i ostalih podr\u017eavaju\u0107ih struktura. Stvaramo stabilnu bazu, korijen drveta koji nam daje mogu\u0107nost za rast bez napora.\u00a0<strong>Ugodna i zdrava kralje\u017enica polazi\u0161te je iz kojeg mo\u017eemo dalje graditi na\u0161e zdravlje i sigurnost, preko nje tijelo se povezuje u cjelinu i mi se vra\u0107amo u sada\u0161nji trenutak.<\/strong><\/p>\n\n\n\n<p><em>Mindful dnevnik: Osjeti kralje\u017enicu kao os kroz koju raste\u0161. Sjeti se vi\u0161e puta u danu osjetiti tu os u sebi, povezati se s njom i izrasti. Zapazi \u0161to ostalo mo\u017ee otpasti kad tako usmjeri\u0161 svoju pa\u017enju.<\/em><\/p>\n\n\n\n<p><strong>Yoga terapija za:<\/strong><\/p>\n\n\n\n<ul class=\"wp-block-list\">\n<li>bolove i napetost le\u0111a<\/li>\n\n\n\n<li>probleme s le\u0111ima<\/li>\n\n\n\n<li>povezanost tijela<\/li>\n\n\n\n<li>otvaranje prsa<\/li>\n\n\n\n<li>uspravno dr\u017eanje<\/li>\n\n\n\n<li>snagu kralje\u017enice<\/li>\n\n\n\n<li>mobilnost kralje\u017enice<\/li>\n\n\n\n<li>izdr\u017eljivost i snagu<\/li>\n<\/ul>\n<\/div>\n\n\n\n<div class=\"wp-block-column is-layout-flow wp-block-column-is-layout-flow\" style=\"flex-basis:10%\"><\/div>\n<\/div>\n\n\n\n<div style=\"height:30px\" aria-hidden=\"true\" class=\"wp-block-spacer\"><\/div>\n\n\n\n<h3 class=\"wp-block-heading has-text-align-center\">SADR\u017dAJ PAKETA SNIMKI<\/h3>\n\n\n\n<div style=\"height:40px\" aria-hidden=\"true\" class=\"wp-block-spacer\"><\/div>\n\n\n\n<div class=\"wp-block-columns is-layout-flex wp-container-core-columns-is-layout-28f84493 wp-block-columns-is-layout-flex\">\n<div class=\"wp-block-column is-layout-flow wp-block-column-is-layout-flow\" style=\"flex-basis:32%\">\n<figure class=\"wp-block-image size-large\"><a href=\"https:\/\/tena.yoga\/wp-content\/uploads\/2026\/04\/4_4_uvodna_radionica_drvo_raste.webp\"><img decoding=\"async\" width=\"1024\" height=\"576\" src=\"https:\/\/tena.yoga\/wp-content\/uploads\/2026\/04\/4_4_uvodna_radionica_drvo_raste-1024x576.webp\" alt=\"\" class=\"wp-image-17093\" srcset=\"https:\/\/tena.yoga\/wp-content\/uploads\/2026\/04\/4_4_uvodna_radionica_drvo_raste-1024x576.webp 1024w, https:\/\/tena.yoga\/wp-content\/uploads\/2026\/04\/4_4_uvodna_radionica_drvo_raste-1536x864.webp 1536w, https:\/\/tena.yoga\/wp-content\/uploads\/2026\/04\/4_4_uvodna_radionica_drvo_raste-600x338.webp 600w, https:\/\/tena.yoga\/wp-content\/uploads\/2026\/04\/4_4_uvodna_radionica_drvo_raste.webp 1920w\" sizes=\"(max-width: 1024px) 100vw, 1024px\" \/><\/a><\/figure>\n\n\n\n<div style=\"height:10px\" aria-hidden=\"true\" class=\"wp-block-spacer\"><\/div>\n\n\n\n<h6 class=\"wp-block-heading\">UVODNO PREDAVANJE I SAT YOGE NA TEMU MJESECA &#8211; 75 MIN<\/h6>\n\n\n\n<h4 class=\"wp-block-heading\">RAST DRVETA<\/h4>\n\n\n\n<p>Evo nam nova tema, ona zapravo &#8220;stara&#8221;, osnovna yogijska tema, kojoj nije da trebamo ne\u0161to novo dodavati ve\u0107 samo redovito prolaziti vje\u017ebe za kvalitetu mi\u0161i\u0107a le\u0111a. :)<\/p>\n\n\n\n<p>U kratko prolazimo osnovnu perspektivu pristupa yoga terapije, a to je da ne poku\u0161avamo do\u0107i do zdravlja dodaju\u0107i ne\u0161to, ve\u0107 trebamo ukloniti uzroke zbog kojeg ga nema, jer priroda te\u017ei vitalnosti i mi joj to trebamo omogu\u0107iti.<\/p>\n\n\n\n<p>Zatim prolazimo \u010dimbenike koji ozna\u010davaju \u0161to je zdrava kralje\u017enica: snaga, mobilnost, podr\u017eavaju\u0107a struktura, uspravnost bez napora, baza, osovina, rast&#8230; Naravno rast nije samo fizi\u010dki, ve\u0107 i duhovan &#8211; rast mentalnih kvalitete, budnosti i svijesti.<\/p>\n\n\n\n<p>Prolazimo i ne\u0161to \u0161to se slu\u017ebeno zove &#8220;posturalna disfunkcija&#8221; a to je popis karakteristika zbog kojih nam kralje\u017enica mo\u017ee imati lo\u0161e uvjete za zdravlje.\u00a0Mi sada u yogi, kroz praksu svakako idemo suprotno od onoga \u0161to nas sprje\u010dava te vidimo odr\u017eavanje zdravlja kao na\u0161u odgovornost prema sebi i ostalima.<\/p>\n\n\n\n<p>Nakon kratkog predavanja prolazimo uvodni sat s praksama koje \u0107emo raditi. S obzirom na to da se neke od osnovnih vje\u017ebi za le\u0111a provode na trbuhu, a ja to sada ne mogu raditi, vodim nas sve na putovanje u kojem \u0107emo prona\u0107i druge na\u010dine da postignemo isti &#8211; ili jo\u0161 i bolji u\u010dinak.<\/p>\n\n\n\n<p>Mo\u017eda \u0107ete u ovom satu osjetiti kako rade ruke, pazusi, le\u0111a i poveznica preko prednje strane tijela \u0161to je zapravo integracija svega zajedno, a osnovni polo\u017eaj u kojem to dobivamo je stol, \u0161to mi zovemo na sve \u010detiri i plank.&nbsp;<\/p>\n\n\n\n<p>Tu smo se malo poigrali s tim principom i ka\u017eem ok je ako \u010dak i malo osjetite novu snagu. Tijekom mjeseca naravno da \u0107emo ove polo\u017eaje uklju\u010diti u sat i u &#8220;flow&#8221; ostalih pokreta. Prolazit \u0107emo i ne\u0161to vi\u0161e stabilnih stoje\u0107ih asana te ih mo\u017eda malo dulje dr\u017eati, pripremite si ciglicu i remen, da nam budu dostupni za vje\u017ebanje.<\/p>\n<\/div>\n\n\n\n<div class=\"wp-block-column is-layout-flow wp-block-column-is-layout-flow\" style=\"flex-basis:2%\"><\/div>\n\n\n\n<div class=\"wp-block-column is-layout-flow wp-block-column-is-layout-flow\" style=\"flex-basis:32%\">\n<figure class=\"wp-block-image size-large\"><a href=\"https:\/\/tena.yoga\/wp-content\/uploads\/2026\/04\/7_4_spora_duzina.webp\"><img decoding=\"async\" width=\"1024\" height=\"576\" src=\"https:\/\/tena.yoga\/wp-content\/uploads\/2026\/04\/7_4_spora_duzina-1024x576.webp\" alt=\"\" class=\"wp-image-17092\" srcset=\"https:\/\/tena.yoga\/wp-content\/uploads\/2026\/04\/7_4_spora_duzina-1024x576.webp 1024w, https:\/\/tena.yoga\/wp-content\/uploads\/2026\/04\/7_4_spora_duzina-1536x864.webp 1536w, https:\/\/tena.yoga\/wp-content\/uploads\/2026\/04\/7_4_spora_duzina-600x338.webp 600w, https:\/\/tena.yoga\/wp-content\/uploads\/2026\/04\/7_4_spora_duzina.webp 1920w\" sizes=\"(max-width: 1024px) 100vw, 1024px\" \/><\/a><\/figure>\n\n\n\n<div style=\"height:10px\" aria-hidden=\"true\" class=\"wp-block-spacer\"><\/div>\n\n\n\n<h6 class=\"wp-block-heading\">40 MIN<\/h6>\n\n\n\n<h4 class=\"wp-block-heading\">1. SPORA DU\u017dINA<\/h4>\n\n\n\n<p>U nastavku otvaranja nove teme ovaj mjesec na yogi, danas radimo na izdu\u017eivanju. Pronalasku du\u017eine kralje\u017enice s pokretom koji istegne ruke prema gore, a te\u017einu zdjelice prema podu ali i jo\u0161 va\u017enije s udahom koji u tom otvorenom pokretu &#8220;napuhne&#8221; prostor me\u0111u kralje\u0161cima.<\/p>\n\n\n\n<p>Taj smo princip uveli od po\u010detka i ponavljamo tijekom sata, jednostavno di\u017eemo ruke visoko gore i prote\u017eemo se maksimalno u du\u017eini od stopala do suprotnog dlana u down dogu, planku, high lungeu&#8230; &nbsp;<\/p>\n\n\n\n<p>To je pokret koji radimo rukama ali je tako\u0111er i na\u010din da energetski izvu\u010demo svoja le\u0111a. Mo\u017eete osjetiti kako se energija usmjerava i dodati jo\u0161 pomaka nakon \u0161to fizi\u010dki pokret zavr\u0161i.<\/p>\n\n\n\n<p>Prolazimo sporo pokrete i s mirnom kontrolom u tijelu provodimo tu du\u017einu. Zato je neki zaklju\u010dak da se dana\u0161nji sat posve\u0107en sporoj du\u017eini.Polako ja\u010damo prednju plohu tijela, tako da razvijamo tu stabilnu integriranu snagu koja nam je ovaj mjesec tama u temi.<\/p>\n\n\n\n<p>Pro\u0161li smo par sljedova stoje\u0107ih i par sjede\u0107ih polo\u017eaja te na kraju ostali u opu\u0161tenosti bivanja u tijelu kroz koje se provela ova mirna energija.&nbsp;<\/p>\n\n\n\n<hr class=\"wp-block-separator has-alpha-channel-opacity\"\/>\n\n\n\n<p class=\"has-vivid-purple-color has-text-color has-link-color wp-elements-bb054abad1ceac1e12e393620db72476\"><em>Mindful dnevnik:\u00a0<\/em>Zapo\u010dni dnevnik ovaj mjesec s time da opi\u0161e\u0161 svoj stav. Svoje uvjerenje. Svoje mi\u0161ljenje o sebi (ili nekom svojem aspektu), nema veze ako nije onakvo kako bi voljela da je, samo ga opi\u0161i. Budi iskrena i realna. Stavovi i uvjerenja su oni glasovi u nama koji nam opisuju stvarnost i mi im vjerujemo. Prije nego \u0161to ga mo\u017eemo promijeniti, trebamo ga osvijestiti.\u00a0<\/p>\n<\/div>\n\n\n\n<div class=\"wp-block-column is-layout-flow wp-block-column-is-layout-flow\" style=\"flex-basis:2%\"><\/div>\n\n\n\n<div class=\"wp-block-column is-layout-flow wp-block-column-is-layout-flow\" style=\"flex-basis:32%\">\n<figure class=\"wp-block-image size-large\"><a href=\"https:\/\/tena.yoga\/wp-content\/uploads\/2026\/04\/9_4_paralelno_gravitacijom.webp\"><img decoding=\"async\" width=\"1024\" height=\"576\" src=\"https:\/\/tena.yoga\/wp-content\/uploads\/2026\/04\/9_4_paralelno_gravitacijom-1024x576.webp\" alt=\"\" class=\"wp-image-17091\" srcset=\"https:\/\/tena.yoga\/wp-content\/uploads\/2026\/04\/9_4_paralelno_gravitacijom-1024x576.webp 1024w, https:\/\/tena.yoga\/wp-content\/uploads\/2026\/04\/9_4_paralelno_gravitacijom-1536x864.webp 1536w, https:\/\/tena.yoga\/wp-content\/uploads\/2026\/04\/9_4_paralelno_gravitacijom-600x338.webp 600w, https:\/\/tena.yoga\/wp-content\/uploads\/2026\/04\/9_4_paralelno_gravitacijom.webp 1920w\" sizes=\"(max-width: 1024px) 100vw, 1024px\" \/><\/a><\/figure>\n\n\n\n<div style=\"height:10px\" aria-hidden=\"true\" class=\"wp-block-spacer\"><\/div>\n\n\n\n<h6 class=\"wp-block-heading\">40 MIN<\/h6>\n\n\n\n<h4 class=\"wp-block-heading\">2. PARALELNO S GRAVITACIJOM<\/h4>\n\n\n\n<p>Jutros smo nastavili s radom na integraciji i stabilizaciji mi\u0161i\u0107a kralje\u017enice. Od po\u010detka smo postavili gledi\u0161te da zapravo na\u0161i problemi s le\u0111ima nastaju zbog polo\u017eaja u kojem je kralje\u017enica okomita na gravitaciju. U tom smo polo\u017eaju ve\u0107inu dana i aktivacije mi\u0161i\u0107a se ponavljaju na isti na\u010din te se kralje\u017enica kompresira.<\/p>\n\n\n\n<p>U ovom satu stavljamo naglasak na vje\u017ebe u kojima je kralje\u017enica paralelna u odnosu na gravitaciju. Tako razmi\u0161ljati od po\u010detka poma\u017ee nam da do\u017eivimo aktivaciju mi\u0161i\u0107a i izazove na druga\u010diji na\u010din. U smislu, jasno da je &#8220;te\u017ee&#8221; jer je nesvakida\u0161nji polo\u017eaj i naravno da druga\u010diji mi\u0161i\u0107i rade i zato se ba\u0161 \u017eelimo u\u017eivjeti u taj pogled.<\/p>\n\n\n\n<p>Naravno, mo\u017eete ve\u0107 pretpostaviti da u satu radimo polo\u017eaje u kojima se kralje\u017enica nalazi u paralelnom polo\u017eaju s gravitacijom. To su stol ili polo\u017eaj na sve \u010detiri uz aktivaciju le\u0111nih mi\u0161i\u0107a dizanjem nogu i ruku, to je ulazak u pretklone u kojima su le\u0111a paralelna s podom, u&nbsp;<em>High loungeu<\/em>, ratniku 1,&nbsp;<em>Parsvottanasani<\/em>&nbsp;i&nbsp;<em>Prasariti<\/em>. Nakon toga u sjede\u0107em polo\u017eaju malo odmorimo i pro\u0111emo jo\u0161 nekoliko pretklona.<\/p>\n\n\n\n<p>Integriramo taj rad i snagu s pogledom na mirnu energiju koja se razvija kako nam kralje\u017enica oja\u010dava. :)<\/p>\n\n\n\n<hr class=\"wp-block-separator has-alpha-channel-opacity\"\/>\n\n\n\n<p class=\"has-vivid-purple-color has-text-color has-link-color wp-elements-2759cf5c9292ac461ee7d30d2984f949\"><em>Mindful dnevnik: <\/em>Pitanje je: \u0161to je za tebe duhovnost? \u0160to su sloboda i inspiracija? Lovi\u0161 li neki ideal, neki osje\u0107aj, neko stanje koje \u0107e ti dati potvrdu o vrijednosti i napretku?Odgovori si i probaj vidjeti da li u tom odgovoru postoji \u017eudnja za ne\u010dime \u010dega nema ili averzija za ovime \u0161to je tu kao da nije dovoljno dobro.<\/p>\n<\/div>\n<\/div>\n\n\n\n<div style=\"height:50px\" aria-hidden=\"true\" class=\"wp-block-spacer\"><\/div>\n\n\n\n<div class=\"wp-block-columns is-layout-flex wp-container-core-columns-is-layout-28f84493 wp-block-columns-is-layout-flex\">\n<div class=\"wp-block-column is-layout-flow wp-block-column-is-layout-flow\" style=\"flex-basis:32%\">\n<figure class=\"wp-block-image size-full\"><a href=\"https:\/\/tena.yoga\/wp-content\/uploads\/2026\/04\/10_4_mndfs_leda_vole.webp\"><img decoding=\"async\" width=\"1920\" height=\"1080\" src=\"https:\/\/tena.yoga\/wp-content\/uploads\/2026\/04\/10_4_mndfs_leda_vole.webp\" alt=\"\" class=\"wp-image-17094\" srcset=\"https:\/\/tena.yoga\/wp-content\/uploads\/2026\/04\/10_4_mndfs_leda_vole.webp 1920w, https:\/\/tena.yoga\/wp-content\/uploads\/2026\/04\/10_4_mndfs_leda_vole-1024x576.webp 1024w, https:\/\/tena.yoga\/wp-content\/uploads\/2026\/04\/10_4_mndfs_leda_vole-1536x864.webp 1536w, https:\/\/tena.yoga\/wp-content\/uploads\/2026\/04\/10_4_mndfs_leda_vole-600x338.webp 600w\" sizes=\"(max-width: 1920px) 100vw, 1920px\" \/><\/a><\/figure>\n\n\n\n<div style=\"height:10px\" aria-hidden=\"true\" class=\"wp-block-spacer\"><\/div>\n\n\n\n<h6 class=\"wp-block-heading\">MINDFUL SLOW FLOW SAT &#8211; 40 MIN<\/h6>\n\n\n\n<h4 class=\"wp-block-heading\">3. \u0160TO KRALJE\u017dNICA NAJVI\u0160E VOLI?<\/h4>\n\n\n\n<p>Zapo\u010dinjemo&nbsp;s jednostavnom vizualizacijom kralje\u017enice i njezinih segmenata. S povla\u010denjem pa\u017enje prema njoj. Kralje\u017enica voli da je komunikacija izme\u0111u svih segmenata pojedina\u010dno, susjednih, kao i cjeline jako dobra.<\/p>\n\n\n\n<p>Produbili smo dah i otpustili&nbsp;stres iz tijela. Udahom otvorimo prostor me\u0111u kralje\u0161cima, a na izdah ga opustimo. Zatim s tom pa\u017enjom zapo\u010dinjemo ugodne pokrete le\u0111ima u kojima osjetimo kako se svaki kralje\u017eak pokre\u0107e. Fleksija &#8211; ekstenzija, smjer u kojem se mijenja odnos izme\u0111u prednje i stra\u017enje strane kralje\u017enice, jedna se otvara, a druga skra\u0107uje. Pa lateralno &#8211; pokreti u kojima se mijenja odnos izme\u0111u bo\u010dnih strana te spore rotacije koje radimo tako da se torzija doga\u0111a jednako u svim tim malim zglobovima.<\/p>\n\n\n\n<p>Iste smjerove s istom pa\u017enjom ponavljamo u polo\u017eaju&nbsp;na sve \u010detiri te na koncu le\u017ee\u0107i na le\u0111ima prolazimo seriju rotacija koja se provodi kontinuirano, sporo i s kontrolom, a ba\u0161 je pravi lijek za na\u0161a le\u0111a. :)<\/p>\n\n\n\n<p>U\u017eivajte u satu, uzmite si vremena i zaista nemojte \u017euriti. Va\u017eno je i\u0107i polako i spustiti se u sebe. <\/p>\n\n\n\n<hr class=\"wp-block-separator has-alpha-channel-opacity\"\/>\n\n\n\n<p class=\"has-vivid-purple-color has-text-color has-link-color wp-elements-e89786195a925b9217eaa09d877e23df\"><em>Mindful dnevnik:<\/em> Mo\u017ee\u0161 li barem jednom, samo na kratko, re\u0107i: &#8220;sve je ba\u0161 onako kako treba biti&#8221;, &#8220;sve je kako je&#8221; i pristati na to da su svi na\u0161i projekti, \u017eelje, nade i planovi u procesu. Taj proces je nama razumom nejasan ali pustiti mu da se odvija i te\u010de je na\u0161a hrabrost. Ako pustimo &#8220;control freaka&#8221; i samo znamo da se sve ipak kre\u0107e. Kako ti se \u010dini staviti tu perspektivu na ono \u0161to ti je te\u0161ko, a \u0161to ne mo\u017ee\u0161 promijeniti?<\/p>\n<\/div>\n\n\n\n<div class=\"wp-block-column is-layout-flow wp-block-column-is-layout-flow\" style=\"flex-basis:2%\"><\/div>\n\n\n\n<div class=\"wp-block-column is-layout-flow wp-block-column-is-layout-flow\" style=\"flex-basis:32%\">\n<figure class=\"wp-block-image size-large\"><a href=\"https:\/\/tena.yoga\/wp-content\/uploads\/2026\/04\/13_4_rast_iz_korijena.webp\"><img decoding=\"async\" width=\"1024\" height=\"576\" src=\"https:\/\/tena.yoga\/wp-content\/uploads\/2026\/04\/13_4_rast_iz_korijena-1024x576.webp\" alt=\"\" class=\"wp-image-17095\" srcset=\"https:\/\/tena.yoga\/wp-content\/uploads\/2026\/04\/13_4_rast_iz_korijena-1024x576.webp 1024w, https:\/\/tena.yoga\/wp-content\/uploads\/2026\/04\/13_4_rast_iz_korijena-1536x864.webp 1536w, https:\/\/tena.yoga\/wp-content\/uploads\/2026\/04\/13_4_rast_iz_korijena-600x338.webp 600w, https:\/\/tena.yoga\/wp-content\/uploads\/2026\/04\/13_4_rast_iz_korijena.webp 1920w\" sizes=\"(max-width: 1024px) 100vw, 1024px\" \/><\/a><\/figure>\n\n\n\n<div style=\"height:10px\" aria-hidden=\"true\" class=\"wp-block-spacer\"><\/div>\n\n\n\n<h6 class=\"wp-block-heading\">40 MIN<\/h6>\n\n\n\n<h4 class=\"wp-block-heading\">4. RAST IZ KORIJENA<\/h4>\n\n\n\n<p>Po\u010dev\u0161i od analogije da drvo raste iz \u010dvrstog, jakog korijena i crpi snagu zemlje, danas smo se pozabavili osna\u017eivanjem korijena na\u0161e kralje\u017enice. To naravno zna\u010di da smo ja\u010dali noge i mi\u0161i\u0107e dna zdjelice kroz nekoliko zaista jakih asana kako bi se iz njih kralje\u017enica produ\u017eila. Nemojte se obeshrabriti ako vam bude kratko te\u0161ko, to su mi\u0161i\u0107i vitalnosti, ja\u010danje nogu i zdjelice je ulog u zdravlje i mladost. Snaga je mo\u0107, a ne treba biti stres, barem si mi tako postavimo svoj odnos prema ovim vje\u017ebama. :)<\/p>\n\n\n\n<p>Radimo malo vi\u0161e Utkatasana, polagano i kontrolirano dizanje u High lunge i Garudasanu i sl. A nakon toga na podu malo umirimo i otvorimo kukove da se istegnu gluteusi koje smo u satu dosta aktivirali.&nbsp;<\/p>\n\n\n\n<p>Krenite u sat i odradite sve po redu, vidjet \u0107ete kako \u0107e vam tijelo kasnije biti zahvalno. :)<\/p>\n\n\n\n<hr class=\"wp-block-separator has-alpha-channel-opacity\"\/>\n\n\n\n<p class=\"has-vivid-purple-color has-text-color has-link-color wp-elements-9f6080df31ecd64c043a8163ca3cc6d5\"><em>Mindful dnevnik:<\/em> Neka vidimo trud i ulog koji dajemo sebi kao poklon, trud da prevladamo te\u0161ko, kako fizi\u010dki tako i emotivno. To je koncept ispravnog napora iz Budizma koji se sastoji od \u010detiri koraka. Ispravan napor na\u0161a je vrlina. Neka ju prakticiramo.<\/p>\n<\/div>\n\n\n\n<div class=\"wp-block-column is-layout-flow wp-block-column-is-layout-flow\" style=\"flex-basis:2%\"><\/div>\n\n\n\n<div class=\"wp-block-column is-layout-flow wp-block-column-is-layout-flow\" style=\"flex-basis:32%\">\n<figure class=\"wp-block-image size-large\"><a href=\"https:\/\/tena.yoga\/wp-content\/uploads\/2026\/04\/15_4_namjestena_leda.webp\"><img decoding=\"async\" width=\"1024\" height=\"576\" src=\"https:\/\/tena.yoga\/wp-content\/uploads\/2026\/04\/15_4_namjestena_leda-1024x576.webp\" alt=\"\" class=\"wp-image-17098\" srcset=\"https:\/\/tena.yoga\/wp-content\/uploads\/2026\/04\/15_4_namjestena_leda-1024x576.webp 1024w, https:\/\/tena.yoga\/wp-content\/uploads\/2026\/04\/15_4_namjestena_leda-1536x864.webp 1536w, https:\/\/tena.yoga\/wp-content\/uploads\/2026\/04\/15_4_namjestena_leda-600x338.webp 600w, https:\/\/tena.yoga\/wp-content\/uploads\/2026\/04\/15_4_namjestena_leda.webp 1920w\" sizes=\"(max-width: 1024px) 100vw, 1024px\" \/><\/a><\/figure>\n\n\n\n<div style=\"height:10px\" aria-hidden=\"true\" class=\"wp-block-spacer\"><\/div>\n\n\n\n<h6 class=\"wp-block-heading\">40 MIN<\/h6>\n\n\n\n<h4 class=\"wp-block-heading\">5. NAMJE\u0160TENA LE\u0110A<\/h4>\n\n\n\n<p>Polazna ideja dana\u0161njeg sata je kako namjestiti le\u0111a da se izdu\u017ee iz zdjelice. Tome smo pristupili u dva dijela, u prvom, otvaramo i razgibavamo kukove kako bi bolje namjestili polo\u017eaj zdjelice u odnosu na le\u0111a te u drugom ja\u010damo le\u0111ne mi\u0161i\u0107e.<\/p>\n\n\n\n<p>Zapo\u010dinjemo s varijantama \u0161irokog \u010du\u010dnja i ratnika 2 u kojima pulsiramo tako da ne agresivno probudimo i podma\u017eemo kukove.&nbsp;<\/p>\n\n\n\n<p>Zatim prolazimo pozdrave suncu u kojima dodajemo&nbsp;pulsiranje koje razgibava kukove a naravno i razgibavamo&nbsp;sve ostalo.<\/p>\n\n\n\n<p>Za dio u kojem se bavimo s kukovima radimo jo\u0161 ratnika 2 i&nbsp;<em>Prasaritu<\/em>&nbsp;te jednu varijantu \u017eabe. Prepoznati \u0107ete polo\u017eaj pa polako ulazite u njega i poku\u0161ajte prona\u0107i mjeru koja je konstruktivna. Nakon te \u017eabe sjedamo iza u pod pa si pripremite ciglicu ili jastuk za sjesti iza. Idemo kroz&nbsp;<em>Badhakonasanu<\/em>&nbsp;i onda jo\u0161 s pra vje\u017ebi oja\u010damo le\u0111a.<\/p>\n\n\n\n<p>Kako bi osjetili u\u010dinak ova dva koraka koje smo povezali, na kraju se jo\u0161 jednom sjednemo u miru i pustimo da se zdjelica namjesti, a kralje\u017enica iz nje izdu\u017ei.<\/p>\n\n\n\n<hr class=\"wp-block-separator has-alpha-channel-opacity\"\/>\n\n\n\n<p class=\"has-vivid-purple-color has-text-color has-link-color wp-elements-b0e09d4982c71fff53aaf4f39f6f6155\"><em>Mindful dnevnik: <\/em>U zahvalnosti okreni pa\u017enju prema sebi, osjeti mir i strukturu koju gradimo s praksom dugih mirnih linija i osvijesti kada u tijelo do\u0111e nemir. \u0160to ga uzrokuje? Mo\u017ee\u0161 li dah opet produ\u017eiti kroz tijelo, u tijelu vratiti mir koji \u0107e se reflektirati na um&#8230;<\/p>\n<\/div>\n<\/div>\n\n\n\n<div style=\"height:50px\" aria-hidden=\"true\" class=\"wp-block-spacer\"><\/div>\n\n\n\n<div class=\"wp-block-columns is-layout-flex wp-container-core-columns-is-layout-28f84493 wp-block-columns-is-layout-flex\">\n<div class=\"wp-block-column is-layout-flow wp-block-column-is-layout-flow\" style=\"flex-basis:32%\">\n<figure class=\"wp-block-image size-large\"><img decoding=\"async\" width=\"1024\" height=\"576\" src=\"https:\/\/tena.yoga\/wp-content\/uploads\/2026\/04\/17_4_2mndfs_sto_jos_kraljaznica_voli-1024x576.webp\" alt=\"\" class=\"wp-image-17100\" srcset=\"https:\/\/tena.yoga\/wp-content\/uploads\/2026\/04\/17_4_2mndfs_sto_jos_kraljaznica_voli-1024x576.webp 1024w, https:\/\/tena.yoga\/wp-content\/uploads\/2026\/04\/17_4_2mndfs_sto_jos_kraljaznica_voli-1536x864.webp 1536w, https:\/\/tena.yoga\/wp-content\/uploads\/2026\/04\/17_4_2mndfs_sto_jos_kraljaznica_voli-600x338.webp 600w, https:\/\/tena.yoga\/wp-content\/uploads\/2026\/04\/17_4_2mndfs_sto_jos_kraljaznica_voli.webp 1920w\" sizes=\"(max-width: 1024px) 100vw, 1024px\" \/><\/figure>\n\n\n\n<div style=\"height:10px\" aria-hidden=\"true\" class=\"wp-block-spacer\"><\/div>\n\n\n\n<h6 class=\"wp-block-heading\">MINDFUL SLOW FLOW SAT &#8211; 40 MIN<\/h6>\n\n\n\n<h4 class=\"wp-block-heading\">6. \u0160TO JO\u0160 KRALJE\u017dNICA NAJVI\u0160E VOLI?<\/h4>\n\n\n\n<p>Druga stvar koju kralje\u017enica najvi\u0161e voli su inverzije.&nbsp;<\/p>\n\n\n\n<p>Zato smo dana\u0161nji lagani, meditativni sat posvetili\u00a0okretanju naopa\u010dke. Ma dobro malo naopa\u010dke ali i to se ra\u010duna. :) Radimo mekani\u00a0<em>Down dog<\/em>, delfina iz stola,\u00a0<em>Anahatasanu<\/em>\u00a0i\u00a0<em>Anahatasana<\/em>\u00a0<em>twist<\/em>\u00a0te uvijek veselog zeca.\u00a0<\/p>\n\n\n\n<p>Zaranjamo u svoje tijelo u tim polo\u017eajima i pu\u0161tamo pa\u017enju da uroni u dubinu. Tu imamo poseban do\u017eivljaj tijela iznutra&nbsp;i naravno do tamo, tim putem &nbsp;produbljujemo dah.<\/p>\n\n\n\n<p>Kralje\u017enica voli inverzije, a pogotovo voli kada di\u0161emo duboko i dahom \u0161irimo prostor izme\u0111u kralje\u017eaka. Dok dajemo prostor le\u0111ima u dekompresiji inverzije dajemo i senzacijama u tijelu. Odvajaju\u0107i svijest\u00a0od onoga \u0161to se doga\u0111a.<\/p>\n\n\n\n<p>Velika je razlika izme\u0111u: misli + emocija koje su do\u0161le i mi smo odmah u njih uronili, odmah im povjerovali, od tog da ostajemo u \u0161irini, jedno sa svijesti koja je vidjela emociju, misao, stanje. Mi jesmo svijest, a&nbsp;ne ono \u0161to se u svijesti doga\u0111a. Ta \u0161irina nije apstraktna, to je osje\u0107aj tijela: tijelo je sada i ovdje i titra ba\u0161 na ovaj na\u010din&nbsp;kako titra. Iz tijela se proizvode misli i emocije poanta je samo u tome da vidimo \u0161to se doga\u0111a u svijesti, a da u isto nismo&nbsp;uronjeni. To je dio prakse mindful yoge&nbsp;u kojoj ostajemo \u0161irina upravo kroz tijelo.&nbsp;<\/p>\n\n\n\n<hr class=\"wp-block-separator has-alpha-channel-opacity\"\/>\n\n\n\n<p class=\"has-vivid-purple-color has-text-color has-link-color wp-elements-d422c6b02ca76411692f5ed2ab1be571\"><em>Mindful dnevnik:<\/em> Odaberi jednu tjelesnu senzaciju tijekom prakse (a istu praksu mo\u017ee\u0161 raditi i tijekom dana) i vidi je kao doga\u0111aj koji se mijenja i prolazi kroz svijest umjesto da je ne\u0161to konkretno i nepromjenjivo. Odvoji onoga tko gleda od onoga \u0161to je vi\u0111eno. Kako iz te perspektive do\u017eivljava\u0161 tu tjelesnu senzaciju?\u00a0<\/p>\n<\/div>\n\n\n\n<div class=\"wp-block-column is-layout-flow wp-block-column-is-layout-flow\" style=\"flex-basis:2%\"><\/div>\n\n\n\n<div class=\"wp-block-column is-layout-flow wp-block-column-is-layout-flow\" style=\"flex-basis:32%\">\n<figure class=\"wp-block-image size-large\"><a href=\"https:\/\/tena.yoga\/wp-content\/uploads\/2026\/04\/20_4_spiralni_rast.webp\"><img decoding=\"async\" width=\"1024\" height=\"576\" src=\"https:\/\/tena.yoga\/wp-content\/uploads\/2026\/04\/20_4_spiralni_rast-1024x576.webp\" alt=\"\" class=\"wp-image-17101\" srcset=\"https:\/\/tena.yoga\/wp-content\/uploads\/2026\/04\/20_4_spiralni_rast-1024x576.webp 1024w, https:\/\/tena.yoga\/wp-content\/uploads\/2026\/04\/20_4_spiralni_rast-1536x864.webp 1536w, https:\/\/tena.yoga\/wp-content\/uploads\/2026\/04\/20_4_spiralni_rast-600x338.webp 600w, https:\/\/tena.yoga\/wp-content\/uploads\/2026\/04\/20_4_spiralni_rast.webp 1920w\" sizes=\"(max-width: 1024px) 100vw, 1024px\" \/><\/a><\/figure>\n\n\n\n<div style=\"height:10px\" aria-hidden=\"true\" class=\"wp-block-spacer\"><\/div>\n\n\n\n<h6 class=\"wp-block-heading\">40 MIN<\/h6>\n\n\n\n<h4 class=\"wp-block-heading\">7. SPIRALNI RAST<\/h4>\n\n\n\n<p>Drvo raste i spiralno, to jest organski, teku\u0107ine se u prirodi kre\u0107u spiralno. Na tu temu provodimo dana\u0161nji sat koji je naravno igra s twistovima oko osi kralje\u017enice.<\/p>\n\n\n\n<p>Zapo\u010dinjemo sa laganim spiralnim rotacijama&nbsp;kojima zagrijavamo le\u0111a i organe te prolazimo pozdrave suncu kojima dodajemo twistove u low lungeu.&nbsp;<\/p>\n\n\n\n<p>U nekim polo\u017eajima zadr\u017eavamo rotacije i produbljujemo ih dahom. Radimo twistove u stoje\u0107em polo\u017eaju, pretklonu, paralelno s podom i sli\u010dno, to nam je naravno zanimljivo jer je igra s odnosom osi na\u0161e kralje\u017enice i gravitacije.<\/p>\n\n\n\n<p>Od po\u010detka pokretima rotacije dodajemo ciljano disanje, koje vam je ve\u0107 poznato: izdah dodatno&nbsp;stisnemo trbuh i produbimo twist, a na udah produ\u017eimo le\u0111a. Tako di\u0161u\u0107i energiju \u0161aljemo prema gore, svakim izdahom stisnemo i potisnemo, a udahom protegnemo. To je jedan energetski dodatak samim polo\u017eajima.<\/p>\n\n\n\n<p>Nemojte se brinuti, sat je malo dulji jer se opu\u0161tamo i rolamo u twistovima&nbsp;te relaksiramo u&nbsp;<em>Shavasani<\/em>.<\/p>\n\n\n\n<hr class=\"wp-block-separator has-alpha-channel-opacity\"\/>\n\n\n\n<p class=\"has-vivid-purple-color has-text-color has-link-color wp-elements-af588f05cc781f01a148ccb5f00e126c\"><em>Mindful dnevnik:<\/em> \u0160to je organsko i prirodno te\u010de u tvojem \u017eivotu? \u0160to je plasti\u010dno i fiksno te ne te\u010de, u odnosima, osje\u0107ajima i tijelu? Razmisli o prirodi koju ima priroda i kako energija te\u010de&#8230; A kako je to kod tebe?<\/p>\n<\/div>\n\n\n\n<div class=\"wp-block-column is-layout-flow wp-block-column-is-layout-flow\" style=\"flex-basis:2%\"><\/div>\n\n\n\n<div class=\"wp-block-column is-layout-flow wp-block-column-is-layout-flow\" style=\"flex-basis:32%\">\n<figure class=\"wp-block-image size-large\"><img decoding=\"async\" width=\"1024\" height=\"576\" src=\"https:\/\/tena.yoga\/wp-content\/uploads\/2026\/04\/23_4_oko_uragana-1024x576.webp\" alt=\"\" class=\"wp-image-17102\" srcset=\"https:\/\/tena.yoga\/wp-content\/uploads\/2026\/04\/23_4_oko_uragana-1024x576.webp 1024w, https:\/\/tena.yoga\/wp-content\/uploads\/2026\/04\/23_4_oko_uragana-1536x864.webp 1536w, https:\/\/tena.yoga\/wp-content\/uploads\/2026\/04\/23_4_oko_uragana-600x338.webp 600w, https:\/\/tena.yoga\/wp-content\/uploads\/2026\/04\/23_4_oko_uragana.webp 1920w\" sizes=\"(max-width: 1024px) 100vw, 1024px\" \/><\/figure>\n\n\n\n<div style=\"height:10px\" aria-hidden=\"true\" class=\"wp-block-spacer\"><\/div>\n\n\n\n<h6 class=\"wp-block-heading\">40 MIN<\/h6>\n\n\n\n<h4 class=\"wp-block-heading\">8. OKO URAGANA<\/h4>\n\n\n\n<p>Kao \u0161to smo zadnji put spomenuli, ako se na\u0161 \u017eivot vrti oko osi kralje\u017enice, koju zovemo os sada\u0161njeg trenutka, onda je ona mirna to\u010dka u centru vrtloga, oko uragana.<\/p>\n\n\n\n<p>Danas smo se povezali s tim mirom i centrom u nama i provodili vje\u017ebe koje se oko te osi vrte.<\/p>\n\n\n\n<p>To su opet igre s twistovima. Uveli smo ih ve\u0107 iz sjede\u0107eg polo\u017eaja, zatim u zagrijavanju, pa pozdravima suncu i u nekoliko polo\u017eaja koje smo zadr\u017eali. Sat nije prenaporan, zato samo prionite s veseljem. :)<\/p>\n\n\n\n<p>U prirodi se sve vrti, kre\u0107e ali mi \u017eelimo biti mirni s tom prirodom i gledati mirno na vrtlog oko nas u na\u0161em tijelu je kralje\u017enica.<\/p>\n\n\n\n<hr class=\"wp-block-separator has-alpha-channel-opacity\"\/>\n\n\n\n<p class=\"has-vivid-purple-color has-text-color has-link-color wp-elements-7d7dc961649aa0f4105f8b6cc2824717\"><em>Mindful dnevnik: <\/em>Gdje je tvoja mirna to\u010dka? Osjeti\u0161 li je? Da li ti je dostupna? Kako je iz mira mo\u017ee\u0161 gledati nemirno? U miru se spajamo s onime \u0161to je ve\u0107e, ja\u010de i dublje od nas, u miru smo u svetosti.\u00a0<\/p>\n<\/div>\n<\/div>\n\n\n\n<div style=\"height:50px\" aria-hidden=\"true\" class=\"wp-block-spacer\"><\/div>\n\n\n\n<div class=\"wp-block-columns is-layout-flex wp-container-core-columns-is-layout-28f84493 wp-block-columns-is-layout-flex\">\n<div class=\"wp-block-column is-layout-flow wp-block-column-is-layout-flow\" style=\"flex-basis:32%\">\n<figure class=\"wp-block-image size-large\"><a href=\"https:\/\/tena.yoga\/wp-content\/uploads\/2026\/04\/27_4_rast_iz_Ramena.webp\"><img decoding=\"async\" width=\"1024\" height=\"576\" src=\"https:\/\/tena.yoga\/wp-content\/uploads\/2026\/04\/27_4_rast_iz_Ramena-1024x576.webp\" alt=\"\" class=\"wp-image-17103\" srcset=\"https:\/\/tena.yoga\/wp-content\/uploads\/2026\/04\/27_4_rast_iz_Ramena-1024x576.webp 1024w, https:\/\/tena.yoga\/wp-content\/uploads\/2026\/04\/27_4_rast_iz_Ramena-1536x864.webp 1536w, https:\/\/tena.yoga\/wp-content\/uploads\/2026\/04\/27_4_rast_iz_Ramena-600x338.webp 600w, https:\/\/tena.yoga\/wp-content\/uploads\/2026\/04\/27_4_rast_iz_Ramena.webp 1920w\" sizes=\"(max-width: 1024px) 100vw, 1024px\" \/><\/a><\/figure>\n\n\n\n<div style=\"height:0px\" aria-hidden=\"true\" class=\"wp-block-spacer\"><\/div>\n\n\n\n<h6 class=\"wp-block-heading\">40 MIN<\/h6>\n\n\n\n<h4 class=\"wp-block-heading\">9. RAST IZ RAMENA<\/h4>\n\n\n\n<p>U zadnjem tjednu ove teme pozabavit \u0107emo se s rastom gornjih le\u0111a, da nam se prsa produ\u017ee i vrat izdu\u017ei iz svoje baze. Odmah smo na po\u010detku pro\u0161li jednostavnu vje\u017ebu u kojoj spu\u0161tamo ruke i ramena dr\u017ee\u0107i trakicu iza le\u0111a, a iz tog potiska u drugom smjeru izdu\u017eujemo vrat. Prepoznat \u0107ete vje\u017ebu, jednostavna je i naravno da smo je ve\u0107 radili.<\/p>\n\n\n\n<p>Zapravo opona\u0161amo smjer dijafragme, jer pratimo njezinu logiku. Stvaramo ta dva suprotna smjera, na udah dijafragma ide dolje, a prsa rastu gore &#8211; kao i u ovoj vje\u017ebi. Uklju\u010dujemo cijelo tijelo te se iz \u010du\u010dnja na udah di\u017eemo gore, a ruke spu\u0161tamo dolje te time raste du\u017eina prsa i vrata.<\/p>\n\n\n\n<p>Mislim skroz je jednostavno i bit \u0107e vam logi\u010dno, isti pokret prolazimo u vi\u0161e vje\u017ebi i razli\u010ditim bazama nogu. :)<\/p>\n\n\n\n<p>Probajte se ba\u0161 u\u017eivjeti u to kako se s gusto\u0107om pokreta protegne vrat iz ramena i otvore prsa. Osjetite da to nije samo smjer mi\u0161i\u0107a ve\u0107 i energije kretanja. Za kraj malo i ja\u010damo le\u0111a na sve \u010detiri i izdu\u017eujemo se u\u00a0<em>Badhakonasani<\/em>.<\/p>\n\n\n\n<hr class=\"wp-block-separator has-alpha-channel-opacity\"\/>\n\n\n\n<p class=\"has-vivid-purple-color has-text-color has-link-color wp-elements-d20ea54ec551c9787da34f04531831b4\"><em>Mindful dnevnik:<\/em> \u00a0Neka rastem u svojoj\u00a0Budinske prirode. Da imam vi\u0161e kvaliteta strpljenja, mira, ljubavi, ispravnog napora i suosje\u0107anja.<\/p>\n<\/div>\n\n\n\n<div class=\"wp-block-column is-layout-flow wp-block-column-is-layout-flow\" style=\"flex-basis:2%\"><\/div>\n\n\n\n<div class=\"wp-block-column is-layout-flow wp-block-column-is-layout-flow\" style=\"flex-basis:32%\">\n<figure class=\"wp-block-image size-large\"><a href=\"https:\/\/tena.yoga\/wp-content\/uploads\/2026\/04\/29_4_iz_tisine_prema_nebu.webp\"><img decoding=\"async\" width=\"1024\" height=\"576\" src=\"https:\/\/tena.yoga\/wp-content\/uploads\/2026\/04\/29_4_iz_tisine_prema_nebu-1024x576.webp\" alt=\"\" class=\"wp-image-17104\" srcset=\"https:\/\/tena.yoga\/wp-content\/uploads\/2026\/04\/29_4_iz_tisine_prema_nebu-1024x576.webp 1024w, https:\/\/tena.yoga\/wp-content\/uploads\/2026\/04\/29_4_iz_tisine_prema_nebu-1536x864.webp 1536w, https:\/\/tena.yoga\/wp-content\/uploads\/2026\/04\/29_4_iz_tisine_prema_nebu-600x338.webp 600w, https:\/\/tena.yoga\/wp-content\/uploads\/2026\/04\/29_4_iz_tisine_prema_nebu.webp 1920w\" sizes=\"(max-width: 1024px) 100vw, 1024px\" \/><\/a><\/figure>\n\n\n\n<blockquote class=\"wp-block-quote is-layout-flow wp-block-quote-is-layout-flow\"><\/blockquote>\n\n\n\n<h6 class=\"wp-block-heading\">40 MIN<\/h6>\n\n\n\n<h4 class=\"wp-block-heading\">10. IZ TI\u0160INE PREMA NEBU<\/h4>\n\n\n\n<p>Nastavljamo s istom logikom koju smo uveli u pro\u0161lom satu u kojoj s dvije suprotne sile izdu\u017eujemo gornja le\u0111a i vrat. Kako se di\u017eemo od poda na udah,&nbsp;izdu\u017eujemo vrh glave prema gore, a spu\u0161tamo ramena snagom ruku prema dolje te na izdah samo vra\u0107amo u po\u010detnu to\u010dku. Udah nas prote\u017ee u rast u nebo, izdah vra\u0107a u ti\u0161inu.<\/p>\n\n\n\n<p>Kao prvo uronimo u svoju dubinu, u ti\u0161inu kralje\u017enice gdje je mir i istina. Spojimo dah sa strukturom le\u0111a i iz te pa\u017enje gradimo polagane pokrete.<\/p>\n\n\n\n<p>Ovaj put trakicu&nbsp;dr\u017eimo iza le\u0111a i oslonimo na gornji rub zdjelice,&nbsp;skvr\u010dimo laktove i pribli\u017eavamo jedan drugome \u0161to lijepi lopaticu za lopaticu i spu\u0161ta ramena. Taj polo\u017eaj dodajemo stoje\u0107im i sjede\u0107im asanama no radimo i&nbsp;<em>Gomuhka<\/em>&nbsp;ruke u par polo\u017eaja.<\/p>\n\n\n\n<p>Opet sve polako i s punom pa\u017enjom, osjetite kako izrastete kroz vrat, \u010dak i vi\u0161e energetski nego fizi\u010dki.<\/p>\n\n\n\n<hr class=\"wp-block-separator has-alpha-channel-opacity\"\/>\n\n\n\n<p class=\"has-vivid-purple-color has-text-color has-link-color wp-elements-de4e9c0517814b8090b8d4e74954da86\"><em>Mindful dnevnik:<\/em> Osjeti cjelinu, u cijelom tijelu pokret daha. Mo\u017eemo u trbuhu ili \u010deljusti dr\u017eati gr\u010d, a misliti da opu\u0161tamo ramena i napetost kroz ramena, ali to nije potpuni put. Trebamo imati mekano lice i opu\u0161ten izraz iznutra, opu\u0161ten trbuh i dijafragmu, onda neugodno iskustvo uranjamo u prihva\u0107anje i otvorenost. Tijelom prihva\u0107amo.\u00a0<br>\u0160to to za tebe zna\u010di?<\/p>\n<\/div>\n\n\n\n<div class=\"wp-block-column is-layout-flow wp-block-column-is-layout-flow\" style=\"flex-basis:2%\"><\/div>\n\n\n\n<div class=\"wp-block-column is-layout-flow wp-block-column-is-layout-flow\" style=\"flex-basis:32%\">\n<blockquote class=\"wp-block-quote is-layout-flow wp-block-quote-is-layout-flow\">\n<p><\/p>\n<\/blockquote>\n<\/div>\n\n\n\n<div class=\"wp-block-column is-layout-flow wp-block-column-is-layout-flow\"><\/div>\n<\/div>\n","protected":false},"excerpt":{"rendered":"<p>Radimo razgibavanje, mobilnost, dekompresiju i osna\u017eivanje le\u0111a, kao i ostalih podr\u017eavaju\u0107ih struktura. Stvaramo stabilnu bazu koja nam daje mogu\u0107nost za rast bez napora.<\/p>\n","protected":false},"featured_media":16693,"template":"","meta":{"_sitemap_exclude":false,"_sitemap_priority":"","_sitemap_frequency":""},"product_cat":[555,556,584,587,588,589],"product_tag":[594],"class_list":{"0":"post-17087","1":"product","2":"type-product","3":"status-publish","4":"has-post-thumbnail","6":"product_cat-mindfulness","7":"product_cat-online-yoga","8":"product_cat-yoga-za-kraljeznicu","9":"product_cat-yoga-za-ramena-i-prsa","10":"product_cat-yoga-za-snagu","11":"product_cat-yogijsko-disanje","12":"product_tag-plan-rada-2026","13":"pa_intenzitet-srednje","15":"first","16":"instock","17":"virtual","18":"sold-individually","19":"purchasable","20":"product-type-simple"},"_links":{"self":[{"href":"https:\/\/tena.yoga\/bs\/wp-json\/wp\/v2\/product\/17087","targetHints":{"allow":["GET"]}}],"collection":[{"href":"https:\/\/tena.yoga\/bs\/wp-json\/wp\/v2\/product"}],"about":[{"href":"https:\/\/tena.yoga\/bs\/wp-json\/wp\/v2\/types\/product"}],"wp:featuredmedia":[{"embeddable":true,"href":"https:\/\/tena.yoga\/bs\/wp-json\/wp\/v2\/media\/16693"}],"wp:attachment":[{"href":"https:\/\/tena.yoga\/bs\/wp-json\/wp\/v2\/media?parent=17087"}],"wp:term":[{"taxonomy":"product_cat","embeddable":true,"href":"https:\/\/tena.yoga\/bs\/wp-json\/wp\/v2\/product_cat?post=17087"},{"taxonomy":"product_tag","embeddable":true,"href":"https:\/\/tena.yoga\/bs\/wp-json\/wp\/v2\/product_tag?post=17087"}],"curies":[{"name":"wp","href":"https:\/\/api.w.org\/{rel}","templated":true}]}}